{"version":"1.0","provider_name":"Horizonte","provider_url":"http:\/\/www.radiohorizonte.fm\/radio","author_name":"Cristian Galarza","author_url":"http:\/\/www.radiohorizonte.fm\/radio\/author\/cristian\/","title":"Cerr\u00f3 el frigor\u00edfico que iba exportar a China: no tuvo aval del Senasa - Horizonte","type":"rich","width":600,"height":338,"html":"<blockquote class=\"wp-embedded-content\" data-secret=\"XR0iODNrUP\"><a href=\"http:\/\/www.radiohorizonte.fm\/radio\/2023\/08\/31\/41880\/\">Cerr\u00f3 el frigor\u00edfico que iba exportar a China: no tuvo aval del Senasa<\/a><\/blockquote><iframe sandbox=\"allow-scripts\" security=\"restricted\" src=\"http:\/\/www.radiohorizonte.fm\/radio\/2023\/08\/31\/41880\/embed\/#?secret=XR0iODNrUP\" width=\"600\" height=\"338\" title=\"&#8220;Cerr\u00f3 el frigor\u00edfico que iba exportar a China: no tuvo aval del Senasa&#8221; &#8212; Horizonte\" data-secret=\"XR0iODNrUP\" frameborder=\"0\" marginwidth=\"0\" marginheight=\"0\" scrolling=\"no\" class=\"wp-embedded-content\"><\/iframe><script>\n\/*! This file is auto-generated *\/\n!function(d,l){\"use strict\";l.querySelector&&d.addEventListener&&\"undefined\"!=typeof URL&&(d.wp=d.wp||{},d.wp.receiveEmbedMessage||(d.wp.receiveEmbedMessage=function(e){var t=e.data;if((t||t.secret||t.message||t.value)&&!\/[^a-zA-Z0-9]\/.test(t.secret)){for(var s,r,n,a=l.querySelectorAll('iframe[data-secret=\"'+t.secret+'\"]'),o=l.querySelectorAll('blockquote[data-secret=\"'+t.secret+'\"]'),c=new RegExp(\"^https?:$\",\"i\"),i=0;i<o.length;i++)o[i].style.display=\"none\";for(i=0;i<a.length;i++)s=a[i],e.source===s.contentWindow&&(s.removeAttribute(\"style\"),\"height\"===t.message?(1e3<(r=parseInt(t.value,10))?r=1e3:~~r<200&&(r=200),s.height=r):\"link\"===t.message&&(r=new URL(s.getAttribute(\"src\")),n=new URL(t.value),c.test(n.protocol))&&n.host===r.host&&l.activeElement===s&&(d.top.location.href=t.value))}},d.addEventListener(\"message\",d.wp.receiveEmbedMessage,!1),l.addEventListener(\"DOMContentLoaded\",function(){for(var e,t,s=l.querySelectorAll(\"iframe.wp-embedded-content\"),r=0;r<s.length;r++)(t=(e=s[r]).getAttribute(\"data-secret\"))||(t=Math.random().toString(36).substring(2,12),e.src+=\"#?secret=\"+t,e.setAttribute(\"data-secret\",t)),e.contentWindow.postMessage({message:\"ready\",secret:t},\"*\")},!1)))}(window,document);\n\/\/# sourceURL=http:\/\/www.radiohorizonte.fm\/radio\/wp-includes\/js\/wp-embed.min.js\n<\/script>\n","thumbnail_url":"http:\/\/www.radiohorizonte.fm\/radio\/wp-content\/uploads\/2023\/08\/MurallaChina3.jpg","thumbnail_width":1024,"thumbnail_height":575,"description":"El intendente Martin Jetter confirm\u00f3 el cierre y que 70 familias quedaron en la calle. Tras cuatro a\u00f1os de gestiones para logar que el Senasa le permita exportar su producci\u00f3n, el frigor\u00edfico Muralla China, que funcionaba en Riachuelo, cerr\u00f3 definitivamente sus puertas. 70 familias quedaron en la calle. El intendente Martin Jetter confirm\u00f3 ayer que"}